{"id":732,"date":"2021-08-30T09:00:23","date_gmt":"2021-08-30T09:00:23","guid":{"rendered":"http:\/\/s880809430.onlinehome.us\/?page_id=732"},"modified":"2026-04-21T17:23:55","modified_gmt":"2026-04-21T17:23:55","slug":"maroc","status":"publish","type":"page","link":"http:\/\/cide.ca\/es\/maroc\/","title":{"rendered":"MARRUECOS"},"content":{"rendered":"<div data-elementor-type=\"wp-page\" data-elementor-id=\"732\" class=\"elementor elementor-732\">\n\t\t\t\t\t\t<section class=\"elementor-section elementor-top-section elementor-element elementor-element-a3e5d72 elementor-section-boxed elementor-section-height-default elementor-section-height-default parallax_section_no qode_elementor_container_no\" data-id=\"a3e5d72\" data-element_type=\"section\" data-e-type=\"section\">\n\t\t\t\t\t\t<div class=\"elementor-container elementor-column-gap-default\">\n\t\t\t\t\t<div class=\"elementor-column elementor-col-100 elementor-top-column elementor-element elementor-element-d74e09f\" data-id=\"d74e09f\" data-element_type=\"column\" data-e-type=\"column\">\n\t\t\t<div class=\"elementor-widget-wrap elementor-element-populated\">\n\t\t\t\t\t\t<div class=\"elementor-element elementor-element-c999dc2 elementor-widget elementor-widget-text-editor\" data-id=\"c999dc2\" data-element_type=\"widget\" data-e-type=\"widget\" data-widget_type=\"text-editor.default\">\n\t\t\t\t<div class=\"elementor-widget-container\">\n\t\t\t\t\t\t\t\t\t<div class=\"cide-projets-page\">\n\n  <!-- HERO -->\n  <div class=\"cide-projets-hero\">\n    <div class=\"cide-projets-breadcrumb\">\n      <a href=\"\/es\/projets\/\">Proyectos<\/a> \u2192 Marruecos\n    <\/div>\n    <span class=\"cide-projets-hero-flag\">\ud83c\uddf2\ud83c\udde6<\/span>\n    <h1><span>Marruecos<\/span><\/h1>\n    <div class=\"cide-projets-hero-divider\"><\/div>\n    <div class=\"cide-projets-hero-count\">\n      <span>\ud83d\udcc1<\/span>\n      <span><strong>M\u00e1s de 13 proyectos<\/strong> Hecho en este pa\u00eds<\/span>\n    <\/div>\n  <\/div>\n<\/div>\t\t\t\t\t\t\t\t<\/div>\n\t\t\t\t<\/div>\n\t\t\t\t<div class=\"elementor-element elementor-element-2cd413f elementor-widget elementor-widget-text-editor\" data-id=\"2cd413f\" data-element_type=\"widget\" data-e-type=\"widget\" data-widget_type=\"text-editor.default\">\n\t\t\t\t<div class=\"elementor-widget-container\">\n\t\t\t\t\t\t\t\t\t<!-- PROJET 1 -->\n      <div class=\"cide-projet-card\">\n        <div class=\"cide-projet-card-number\">01<\/div>\n        <div class=\"cide-projet-card-title\">\n          Desarrollo de modelos de proyecci\u00f3n de competencias en la regi\u00f3n del Mediterr\u00e1neo meridional \u2013 NET-MED Youth\n        <\/div>\n        <div class=\"cide-projet-card-divider\"><\/div>\n        <div class=\"cide-projet-card-desc\">\n          El proyecto de la UNESCO tiene como objetivo promover la participaci\u00f3n c\u00edvica juvenil fortaleciendo las capacidades de las redes colaborativas de organizaciones juveniles en tres \u00e1reas clave: pol\u00edticas de juventud, medios de comunicaci\u00f3n y formaci\u00f3n y empleo juvenil. M\u00e1s concretamente, en el \u00e1mbito de la formaci\u00f3n y el empleo juvenil, la consultora apoya a los pa\u00edses beneficiarios en el establecimiento de un modelo nacional de previsi\u00f3n de competencias para alinear mejor la formaci\u00f3n con las competencias que demanda el mercado laboral.\n        <\/div>\n      <\/div>\t\t\t\t\t\t\t\t<\/div>\n\t\t\t\t<\/div>\n\t\t\t\t<div class=\"elementor-element elementor-element-9fc0664 elementor-widget elementor-widget-text-editor\" data-id=\"9fc0664\" data-element_type=\"widget\" data-e-type=\"widget\" data-widget_type=\"text-editor.default\">\n\t\t\t\t<div class=\"elementor-widget-container\">\n\t\t\t\t\t\t\t\t\t<!-- PROJET 2 -->\n      <div class=\"cide-projet-card\">\n        <div class=\"cide-projet-card-number\">02<\/div>\n        <div class=\"cide-projet-card-title\">\n          Apoyo a la implantaci\u00f3n del enfoque por competencias con vistas a su generalizaci\u00f3n a todo el sistema FPT\n        <\/div>\n        <div class=\"cide-projet-card-divider\"><\/div>\n        <div class=\"cide-projet-card-desc\">\n          El proyecto incluy\u00f3 los siguientes componentes: asistencia t\u00e9cnica operativa para la reestructuraci\u00f3n de los programas de formaci\u00f3n en los sectores de hosteler\u00eda y turismo, textil y confecci\u00f3n, artesan\u00eda, agricultura, sector terciario y sector IMMEE, y asistencia t\u00e9cnica estructural destinada a fortalecer el sistema de formaci\u00f3n profesional con miras a generalizar el enfoque basado en competencias.\n        <\/div>\n      <\/div>\t\t\t\t\t\t\t\t<\/div>\n\t\t\t\t<\/div>\n\t\t\t\t<div class=\"elementor-element elementor-element-4a12fe6 elementor-widget elementor-widget-text-editor\" data-id=\"4a12fe6\" data-element_type=\"widget\" data-e-type=\"widget\" data-widget_type=\"text-editor.default\">\n\t\t\t\t<div class=\"elementor-widget-container\">\n\t\t\t\t\t\t\t\t\t<!-- PROJET 3 -->\n      <div class=\"cide-projet-card\">\n        <div class=\"cide-projet-card-number\">03<\/div>\n        <div class=\"cide-projet-card-title\">\n          Estudio de evaluaci\u00f3n de la calidad de la formaci\u00f3n profesional en agricultura, pesca mar\u00edtima, turismo y artesan\u00eda.\n        <\/div>\n        <div class=\"cide-projet-card-divider\"><\/div>\n        <div class=\"cide-projet-card-desc\">\n          El estudio tuvo como objetivo evaluar el sistema de capacitaci\u00f3n y proponer un plan estrat\u00e9gico para mejorar la calidad de la formaci\u00f3n impartida por los departamentos de capacitaci\u00f3n de Agricultura, Pesca Mar\u00edtima, Turismo y Artesan\u00eda. La evaluaci\u00f3n abarc\u00f3 los siguientes aspectos: instituciones, instructores, programas, equipamiento, selecci\u00f3n y orientaci\u00f3n de los alumnos, pedagog\u00eda, evaluaci\u00f3n de los resultados del aprendizaje, gesti\u00f3n institucional y relaci\u00f3n con el entorno socioecon\u00f3mico.\n        <\/div>\n      <\/div>\t\t\t\t\t\t\t\t<\/div>\n\t\t\t\t<\/div>\n\t\t\t\t<div class=\"elementor-element elementor-element-6aa2609 elementor-widget elementor-widget-text-editor\" data-id=\"6aa2609\" data-element_type=\"widget\" data-e-type=\"widget\" data-widget_type=\"text-editor.default\">\n\t\t\t\t<div class=\"elementor-widget-container\">\n\t\t\t\t\t\t\t\t\t<!-- PROJET 4 -->\n      <div class=\"cide-projet-card\">\n        <div class=\"cide-projet-card-number\">04<\/div>\n        <div class=\"cide-projet-card-title\">\n          Desarrollo de una estrategia de comunicaci\u00f3n: promoci\u00f3n de la alfabetizaci\u00f3n funcional en la agricultura y la pesca mar\u00edtima.\n        <\/div>\n        <div class=\"cide-projet-card-divider\"><\/div>\n        <div class=\"cide-projet-card-desc\">\n          El proyecto ten\u00eda como objetivo estimular el crecimiento econ\u00f3mico fortaleciendo los v\u00ednculos entre el sector artesanal, el patrimonio cultural, hist\u00f3rico y arquitect\u00f3nico de la Medina de Fez y el sector tur\u00edstico. Asimismo, inclu\u00eda acciones transversales para apoyar la producci\u00f3n, con el objetivo general de incrementar los ingresos de los artesanos de la regi\u00f3n de Fez y Marrakech mediante el aumento de la capacidad productiva, la mejora de la calidad de los productos artesanales, el perfeccionamiento de las t\u00e9cnicas de producci\u00f3n y la modernizaci\u00f3n de los equipos de producci\u00f3n.\n        <\/div>\n      <\/div>\t\t\t\t\t\t\t\t<\/div>\n\t\t\t\t<\/div>\n\t\t\t\t<div class=\"elementor-element elementor-element-4dc0f7a elementor-widget elementor-widget-text-editor\" data-id=\"4dc0f7a\" data-element_type=\"widget\" data-e-type=\"widget\" data-widget_type=\"text-editor.default\">\n\t\t\t\t<div class=\"elementor-widget-container\">\n\t\t\t\t\t\t\t\t\t<!-- PROJET 5 -->\n      <div class=\"cide-projet-card\">\n        <div class=\"cide-projet-card-number\">05<\/div>\n        <div class=\"cide-projet-card-title\">\n          Plan maestro de formaci\u00f3n: Profesiones de comercio y distribuci\u00f3n para 2020\n        <\/div>\n        <div class=\"cide-projet-card-divider\"><\/div>\n        <div class=\"cide-projet-card-desc\">\n          Elaboraci\u00f3n de herramientas de planificaci\u00f3n y gesti\u00f3n para el mercado laboral y de formaci\u00f3n en el sector del comercio y la distribuci\u00f3n. El desarrollo se dividi\u00f3 en tres fases: estudio del sector, implementaci\u00f3n de la AST (Herramienta de Evaluaci\u00f3n de Competencias) y elaboraci\u00f3n del plan maestro.\n        <\/div>\n      <\/div>\t\t\t\t\t\t\t\t<\/div>\n\t\t\t\t<\/div>\n\t\t\t\t<div class=\"elementor-element elementor-element-5a175b1 elementor-widget elementor-widget-text-editor\" data-id=\"5a175b1\" data-element_type=\"widget\" data-e-type=\"widget\" data-widget_type=\"text-editor.default\">\n\t\t\t\t<div class=\"elementor-widget-container\">\n\t\t\t\t\t\t\t\t\t<!-- PROJET 6 -->\n      <div class=\"cide-projet-card\">\n        <div class=\"cide-projet-card-number\">06<\/div>\n        <div class=\"cide-projet-card-title\">\n          Formaci\u00f3n de formadores en el sector hotelero y de restauraci\u00f3n \u2014 Instituto Superior Internacional de Turismo de T\u00e1nger (ISITT)\n        <\/div>\n        <div class=\"cide-projet-card-divider\"><\/div>\n        <div class=\"cide-projet-card-desc\">\n          Desarrollo de un programa de formaci\u00f3n de formadores en el sector tur\u00edstico para abordar la escasez de formadores t\u00e9cnicos en la industria hotelera y de restauraci\u00f3n, basado en 4 objetivos espec\u00edficos: Objetivo 1: Dise\u00f1ar el programa de formaci\u00f3n de formadores (programa basado en competencias y herramientas) Objetivo 2: Producir los materiales de formaci\u00f3n para el programa de formaci\u00f3n de formadores (herramientas por sector: cocina\/planta de alojamiento y recepci\u00f3n de alojamiento\/catering) Objetivo 3: Proporcionar formaci\u00f3n a formadores en cocina, restaurante y alojamiento (plantas y recepci\u00f3n) Objetivo 4: Evaluar la formaci\u00f3n y certificar los recursos humanos formados.\n        <\/div>\n      <\/div>\t\t\t\t\t\t\t\t<\/div>\n\t\t\t\t<\/div>\n\t\t\t\t<div class=\"elementor-element elementor-element-863dc8d elementor-widget elementor-widget-text-editor\" data-id=\"863dc8d\" data-element_type=\"widget\" data-e-type=\"widget\" data-widget_type=\"text-editor.default\">\n\t\t\t\t<div class=\"elementor-widget-container\">\n\t\t\t\t\t\t\t\t\t<!-- PROJET 7 -->\n      <div class=\"cide-projet-card\">\n        <div class=\"cide-projet-card-number\">07<\/div>\n        <div class=\"cide-projet-card-title\">\n          Plan maestro de formaci\u00f3n: Profesiones electr\u00f3nicas para 2015\n        <\/div>\n        <div class=\"cide-projet-card-divider\"><\/div>\n        <div class=\"cide-projet-card-desc\">\n          Implementaci\u00f3n de un estudio relativo al desarrollo del plan maestro de formaci\u00f3n espec\u00edfico para las profesiones de Electr\u00f3nica, dividido en 3 fases: Implementaci\u00f3n de un estudio sectorial y un estudio comparativo, Implementaci\u00f3n de AST (An\u00e1lisis de la Situaci\u00f3n Laboral) y hojas REM y REC, Desarrollo del plan maestro de formaci\u00f3n.\n        <\/div>\n      <\/div>\t\t\t\t\t\t\t\t<\/div>\n\t\t\t\t<\/div>\n\t\t\t\t<div class=\"elementor-element elementor-element-09cf498 elementor-widget elementor-widget-text-editor\" data-id=\"09cf498\" data-element_type=\"widget\" data-e-type=\"widget\" data-widget_type=\"text-editor.default\">\n\t\t\t\t<div class=\"elementor-widget-container\">\n\t\t\t\t\t\t\t\t\t<!-- PROJET 8 -->\n      <div class=\"cide-projet-card\">\n        <div class=\"cide-projet-card-number\">08<\/div>\n        <div class=\"cide-projet-card-title\">\n          Desarrollo e implementaci\u00f3n de un sistema de formaci\u00f3n profesional en el sector de la Automoci\u00f3n\n        <\/div>\n        <div class=\"cide-projet-card-divider\"><\/div>\n        <div class=\"cide-projet-card-desc\">\n          Implementaci\u00f3n y desarrollo de un programa de formaci\u00f3n profesional en el sector de la automoci\u00f3n en 3 fases: Preparaci\u00f3n del proyecto y taller de gesti\u00f3n basado en resultados, Desarrollo de herramientas de planificaci\u00f3n de la formaci\u00f3n, Implementaci\u00f3n del plan de formaci\u00f3n.\n        <\/div>\n      <\/div>\t\t\t\t\t\t\t\t<\/div>\n\t\t\t\t<\/div>\n\t\t\t\t<div class=\"elementor-element elementor-element-8f0ef4f elementor-widget elementor-widget-text-editor\" data-id=\"8f0ef4f\" data-element_type=\"widget\" data-e-type=\"widget\" data-widget_type=\"text-editor.default\">\n\t\t\t\t<div class=\"elementor-widget-container\">\n\t\t\t\t\t\t\t\t\t<!-- PROJET 9 -->\n      <div class=\"cide-projet-card\">\n        <div class=\"cide-projet-card-number\">09<\/div>\n        <div class=\"cide-projet-card-title\">\n          El proyecto de optimizaci\u00f3n de las duraciones y trayectorias de la formaci\u00f3n profesional para\n        <\/div>\n        <div class=\"cide-projet-card-divider\"><\/div>\n        <div class=\"cide-projet-card-desc\">\n          El proyecto para optimizar la duraci\u00f3n y las trayectorias de la formaci\u00f3n profesional en funci\u00f3n de los niveles de especializaci\u00f3n y cualificaci\u00f3n formaba parte de la aplicaci\u00f3n de las orientaciones estrat\u00e9gicas del sistema de formaci\u00f3n profesional, cuyo objetivo es racionalizar y armonizar la oferta formativa entre los diferentes operadores formativos, reducir los costes de la formaci\u00f3n optimizando el uso de los recursos humanos y materiales necesarios para la ejecuci\u00f3n de un programa formativo y aumentar el n\u00famero de beneficiarios de la formaci\u00f3n profesional.\n        <\/div>\n      <\/div>\t\t\t\t\t\t\t\t<\/div>\n\t\t\t\t<\/div>\n\t\t\t\t<div class=\"elementor-element elementor-element-c107a06 elementor-widget elementor-widget-text-editor\" data-id=\"c107a06\" data-element_type=\"widget\" data-e-type=\"widget\" data-widget_type=\"text-editor.default\">\n\t\t\t\t<div class=\"elementor-widget-container\">\n\t\t\t\t\t\t\t\t\t<!-- PROJET 10 -->\n      <div class=\"cide-projet-card\">\n        <div class=\"cide-projet-card-number\">10<\/div>\n        <div class=\"cide-projet-card-title\">\n          Desarrollo, adaptaci\u00f3n e implementaci\u00f3n de programas de formaci\u00f3n de aprendices seg\u00fan la APC en el sector artesanal.\n        <\/div>\n        <div class=\"cide-projet-card-divider\"><\/div>\n        <div class=\"cide-projet-card-desc\">\n          Reestructuraci\u00f3n de los programas de formaci\u00f3n en el sector artesanal mediante el desarrollo, la adaptaci\u00f3n y la implementaci\u00f3n de programas de formaci\u00f3n basados en competencias en diversos campos artesanales (marroquiner\u00eda, textiles, carpinter\u00eda, metalurgia y trabajos en piedra y arcilla). Esta fase principal de desarrollo de programas (18 programas) fue seguida por una fase significativa de implementaci\u00f3n en cuatro centros de formaci\u00f3n de aprendices (39 programas implementados) y apoyo para la gesti\u00f3n y estructuraci\u00f3n de estos centros con el fin de transformarlos en centros piloto que operan bajo un enfoque basado en competencias.\n        <\/div>\n      <\/div>\t\t\t\t\t\t\t\t<\/div>\n\t\t\t\t<\/div>\n\t\t\t\t<div class=\"elementor-element elementor-element-01e63f9 elementor-widget elementor-widget-text-editor\" data-id=\"01e63f9\" data-element_type=\"widget\" data-e-type=\"widget\" data-widget_type=\"text-editor.default\">\n\t\t\t\t<div class=\"elementor-widget-container\">\n\t\t\t\t\t\t\t\t\t<!-- PROJET 11 -->\n      <div class=\"cide-projet-card\">\n        <div class=\"cide-projet-card-number\">11<\/div>\n        <div class=\"cide-projet-card-title\">\n          Apoyo a la reforma educativa a trav\u00e9s del enfoque por competencias (REAPC)\n        <\/div>\n        <div class=\"cide-projet-card-divider\"><\/div>\n        <div class=\"cide-projet-card-desc\">\n          El proyecto tiene como objetivo reforzar el enfoque basado en competencias en todos los niveles del sistema de formaci\u00f3n profesional, para as\u00ed satisfacer mejor las necesidades del mercado laboral y alinearse con un enfoque de desarrollo sostenible para Marruecos.\n        <\/div>\n      <\/div>\t\t\t\t\t\t\t\t<\/div>\n\t\t\t\t<\/div>\n\t\t\t\t<div class=\"elementor-element elementor-element-2b8e8d7 elementor-widget elementor-widget-text-editor\" data-id=\"2b8e8d7\" data-element_type=\"widget\" data-e-type=\"widget\" data-widget_type=\"text-editor.default\">\n\t\t\t\t<div class=\"elementor-widget-container\">\n\t\t\t\t\t\t\t\t\t<!-- PROJET 12 -->\n      <div class=\"cide-projet-card\">\n        <div class=\"cide-projet-card-number\">12<\/div>\n        <div class=\"cide-projet-card-title\">\n          Mejora y estandarizaci\u00f3n de los sistemas de examen \u2014 Banco de \u00edtems informatizado\n        <\/div>\n        <div class=\"cide-projet-card-divider\"><\/div>\n        <div class=\"cide-projet-card-desc\">\n          El objetivo principal del proyecto era mejorar el sistema nacional de ex\u00e1menes, en particular su estandarizaci\u00f3n en lo que respecta al desarrollo y la validaci\u00f3n de herramientas de evaluaci\u00f3n para la certificaci\u00f3n. Simult\u00e1neamente, el proyecto buscaba desarrollar y entregar bancos de \u00edtems en un formato final y utilizable para cada una de las siguientes asignaturas: \u00e1rabe, franc\u00e9s, matem\u00e1ticas y ciencias.\n        <\/div>\n      <\/div>\t\t\t\t\t\t\t\t<\/div>\n\t\t\t\t<\/div>\n\t\t\t\t<div class=\"elementor-element elementor-element-fa0a276 elementor-widget elementor-widget-text-editor\" data-id=\"fa0a276\" data-element_type=\"widget\" data-e-type=\"widget\" data-widget_type=\"text-editor.default\">\n\t\t\t\t<div class=\"elementor-widget-container\">\n\t\t\t\t\t\t\t\t\t<!-- PROJET 13 -->\n      <div class=\"cide-projet-card\">\n        <div class=\"cide-projet-card-number\">13<\/div>\n        <div class=\"cide-projet-card-title\">\n          Apoyo en materia de recursos humanos del Ministerio de Turismo: descripciones de puestos y formaci\u00f3n de formadores.\n        <\/div>\n        <div class=\"cide-projet-card-divider\"><\/div>\n        <div class=\"cide-projet-card-desc\">\n          El CIDE particip\u00f3 en 1) la actualizaci\u00f3n de los documentos de referencia de empleos y ocupaciones (REM) y los documentos de referencia de empleos y habilidades (REC) vigentes para el sector, as\u00ed como en el desarrollo de nuevas descripciones de puestos para nuevas ocupaciones, 2) la realizaci\u00f3n de una evaluaci\u00f3n de las necesidades de capacitaci\u00f3n en habilidades gerenciales y administrativas en los centros de capacitaci\u00f3n del Ministerio, 3) el desarrollo de un plan de ingenier\u00eda de capacitaci\u00f3n para crear e implementar un plan c\u00edclico para la capacitaci\u00f3n continua de formadores en los centros.\n        <\/div>\n      <\/div>\t\t\t\t\t\t\t\t<\/div>\n\t\t\t\t<\/div>\n\t\t\t\t\t<\/div>\n\t\t<\/div>\n\t\t\t\t\t<\/div>\n\t\t<\/section>\n\t\t\t\t<\/div>","protected":false},"excerpt":{"rendered":"<p>Projets \u2192 Maroc \ud83c\uddf2\ud83c\udde6 Maroc \ud83d\udcc1 13+ projets r\u00e9alis\u00e9s dans ce pays 01 D\u00e9veloppement de mod\u00e8les de projection des comp\u00e9tences dans r\u00e9gion sud-m\u00e9diterran\u00e9e \u2013 NET-MED Jeunesse Le projet de l\u2019UNESCO vise \u00e0 promouvoir la participation citoyenne des jeunes \u00e0 travers le renforcement des capacit\u00e9s des&#8230;<\/p>","protected":false},"author":1,"featured_media":0,"parent":0,"menu_order":0,"comment_status":"closed","ping_status":"closed","template":"","meta":{"footnotes":""},"class_list":["post-732","page","type-page","status-publish","hentry"],"_links":{"self":[{"href":"http:\/\/cide.ca\/es\/wp-json\/wp\/v2\/pages\/732","targetHints":{"allow":["GET"]}}],"collection":[{"href":"http:\/\/cide.ca\/es\/wp-json\/wp\/v2\/pages"}],"about":[{"href":"http:\/\/cide.ca\/es\/wp-json\/wp\/v2\/types\/page"}],"author":[{"embeddable":true,"href":"http:\/\/cide.ca\/es\/wp-json\/wp\/v2\/users\/1"}],"replies":[{"embeddable":true,"href":"http:\/\/cide.ca\/es\/wp-json\/wp\/v2\/comments?post=732"}],"version-history":[{"count":4,"href":"http:\/\/cide.ca\/es\/wp-json\/wp\/v2\/pages\/732\/revisions"}],"predecessor-version":[{"id":1190,"href":"http:\/\/cide.ca\/es\/wp-json\/wp\/v2\/pages\/732\/revisions\/1190"}],"wp:attachment":[{"href":"http:\/\/cide.ca\/es\/wp-json\/wp\/v2\/media?parent=732"}],"curies":[{"name":"gracias","href":"https:\/\/api.w.org\/{rel}","templated":true}]}}